{"id":11464,"date":"2023-10-17T15:07:53","date_gmt":"2023-10-17T14:07:53","guid":{"rendered":"https:\/\/riberalves.pt\/?post_type=receitas&#038;p=11464"},"modified":"2023-11-10T17:31:02","modified_gmt":"2023-11-10T17:31:02","slug":"morue-a-la-mode-du-comte-de-guarda","status":"publish","type":"receitas","link":"https:\/\/riberalves.pt\/fr\/recettes\/morue-a-la-mode-du-comte-de-guarda\/","title":{"rendered":"Morue \u00e0 la mode du comte de Guarda"},"content":{"rendered":"\n<p>Avez-vous d\u00e9j\u00e0 essay\u00e9 la recette de la Morue \u00e0 la mode du comte de Guarda&nbsp;? D\u00e9couvrez la<a href=\"https:\/\/riberalveslojaonline.pt\/\"> recette<\/a> et suivez les \u00e9tapes.<\/p>\n\n\n\n<p>Cuisez les pommes de terre et \u00e9crasez-les avec une fourchette, r\u00e9servez.<\/p>\n\n\n\n<p>Cuisez la morue \u00e0 l\u2019eau bouillante pendant 2 min.<\/p>\n\n\n\n<p>Dans une sauteuse, faites revenir l\u2019oignon et l\u2019ail dans l\u2019huile d\u2019olive pendant 5 min.<\/p>\n\n\n\n<p>Ajoutez la morue et m\u00e9langez bien.<\/p>\n\n\n\n<p>M\u00e9langez les pommes de terre et la morue revenue. Ajoutez la cr\u00e8me fra\u00eeche et m\u00e9langez bien pour obtenir une pr\u00e9paration consistante et homog\u00e8ne. Assaisonnez de noix de muscade, poivre et sel qs.<\/p>\n\n\n\n<p>Mettez le m\u00e9lange dans un plat \u00e0 four et saupoudrez de fromage.<\/p>\n\n\n\n<p>Cuire au four \u00e0 180 \u00baC pendant 20 min environ, jusqu\u2019\u00e0 ce que le dessus soit gratin\u00e9.<\/p>\n\n\n\n<p>Servez enfin la morue \u00e0 la mode du comte de Guarda.<\/p>\n\n\n\n<h2 class=\"wp-block-heading\"><a href=\"https:\/\/riberalves.pt\/\" target=\"_blank\" rel=\"noreferrer noopener\"><strong>PR\u00caTE \u00c0 D\u00c9GUSTER\u00a0!<\/strong><\/a><\/h2>\n","protected":false},"featured_media":8975,"template":"","categories":[37,252,53],"colecoes":[326,329,341,347],"tipos-bacalhau":[234],"class_list":["post-11464","receitas","type-receitas","status-publish","has-post-thumbnail","hentry","category-elaborees-fr","category-originais-fr","category-traditionelles","colecoes-occasions-speciales","colecoes-original-et-innovant","colecoes-plats-familiaux","colecoes-plats-traditionnels","tipos-bacalhau-miettes"],"acf":[],"yoast_head":"<!-- This site is optimized with the Yoast SEO plugin v27.4 - https:\/\/yoast.com\/product\/yoast-seo-wordpress\/ -->\n<title>Morue \u00e0 la mode du comte de Guarda - Riberalves<\/title>\n<meta name=\"robots\" content=\"index, follow, max-snippet:-1, max-image-preview:large, max-video-preview:-1\" \/>\n<link rel=\"canonical\" href=\"https:\/\/riberalves.pt\/recettes\/bacalhau-a-conde-da-guarda\/\" \/>\n<meta property=\"og:locale\" content=\"fr_FR\" \/>\n<meta property=\"og:type\" content=\"article\" \/>\n<meta property=\"og:title\" content=\"Morue \u00e0 la mode du comte de Guarda - Riberalves\" \/>\n<meta property=\"og:description\" content=\"Avez-vous d\u00e9j\u00e0 essay\u00e9 la recette de la Morue \u00e0 la mode du comte de Guarda&nbsp;? D\u00e9couvrez la recette et suivez les \u00e9tapes. Cuisez les pommes de terre et \u00e9crasez-les avec une fourchette, r\u00e9servez. Cuisez la morue \u00e0 l\u2019eau bouillante pendant 2 min. Dans une sauteuse, faites revenir l\u2019oignon et l\u2019ail dans l\u2019huile d\u2019olive pendant 5 [&hellip;]\" \/>\n<meta property=\"og:url\" content=\"https:\/\/riberalves.pt\/recettes\/bacalhau-a-conde-da-guarda\/\" \/>\n<meta property=\"og:site_name\" content=\"Riberalves\" \/>\n<meta property=\"article:modified_time\" content=\"2023-11-10T17:31:02+00:00\" \/>\n<meta property=\"og:image\" content=\"https:\/\/riberalves.pt\/wp-content\/uploads\/2022\/05\/DSC06833-scaled.jpg\" \/>\n\t<meta property=\"og:image:width\" content=\"1707\" \/>\n\t<meta property=\"og:image:height\" content=\"2560\" \/>\n\t<meta property=\"og:image:type\" content=\"image\/jpeg\" \/>\n<meta name=\"twitter:card\" content=\"summary_large_image\" \/>\n<meta name=\"twitter:label1\" content=\"Dur\u00e9e de lecture estim\u00e9e\" \/>\n\t<meta name=\"twitter:data1\" content=\"1 minute\" \/>\n<script type=\"application\/ld+json\" class=\"yoast-schema-graph\">{\"@context\":\"https:\\\/\\\/schema.org\",\"@graph\":[{\"@type\":\"WebPage\",\"@id\":\"https:\\\/\\\/riberalves.pt\\\/recettes\\\/bacalhau-a-conde-da-guarda\\\/\",\"url\":\"https:\\\/\\\/riberalves.pt\\\/recettes\\\/bacalhau-a-conde-da-guarda\\\/\",\"name\":\"Morue \u00e0 la mode du comte de Guarda - Riberalves\",\"isPartOf\":{\"@id\":\"https:\\\/\\\/riberalves.pt\\\/#website\"},\"primaryImageOfPage\":{\"@id\":\"https:\\\/\\\/riberalves.pt\\\/recettes\\\/bacalhau-a-conde-da-guarda\\\/#primaryimage\"},\"image\":{\"@id\":\"https:\\\/\\\/riberalves.pt\\\/recettes\\\/bacalhau-a-conde-da-guarda\\\/#primaryimage\"},\"thumbnailUrl\":\"https:\\\/\\\/riberalves.pt\\\/wp-content\\\/uploads\\\/2022\\\/05\\\/DSC06833-scaled.jpg\",\"datePublished\":\"2023-10-17T14:07:53+00:00\",\"dateModified\":\"2023-11-10T17:31:02+00:00\",\"breadcrumb\":{\"@id\":\"https:\\\/\\\/riberalves.pt\\\/recettes\\\/bacalhau-a-conde-da-guarda\\\/#breadcrumb\"},\"inLanguage\":\"fr-FR\",\"potentialAction\":[{\"@type\":\"ReadAction\",\"target\":[\"https:\\\/\\\/riberalves.pt\\\/recettes\\\/bacalhau-a-conde-da-guarda\\\/\"]}]},{\"@type\":\"ImageObject\",\"inLanguage\":\"fr-FR\",\"@id\":\"https:\\\/\\\/riberalves.pt\\\/recettes\\\/bacalhau-a-conde-da-guarda\\\/#primaryimage\",\"url\":\"https:\\\/\\\/riberalves.pt\\\/wp-content\\\/uploads\\\/2022\\\/05\\\/DSC06833-scaled.jpg\",\"contentUrl\":\"https:\\\/\\\/riberalves.pt\\\/wp-content\\\/uploads\\\/2022\\\/05\\\/DSC06833-scaled.jpg\",\"width\":1707,\"height\":2560,\"caption\":\"Bacalhau \u00e0 Conde da Guarda - Veja a receita completa!\"},{\"@type\":\"BreadcrumbList\",\"@id\":\"https:\\\/\\\/riberalves.pt\\\/recettes\\\/bacalhau-a-conde-da-guarda\\\/#breadcrumb\",\"itemListElement\":[{\"@type\":\"ListItem\",\"position\":1,\"name\":\"Home\",\"item\":\"https:\\\/\\\/riberalves.pt\\\/\"},{\"@type\":\"ListItem\",\"position\":2,\"name\":\"Receitas\",\"item\":\"https:\\\/\\\/riberalves.pt\\\/receitas\\\/\"},{\"@type\":\"ListItem\",\"position\":3,\"name\":\"Morue \u00e0 la mode du comte de Guarda\"}]},{\"@type\":\"WebSite\",\"@id\":\"https:\\\/\\\/riberalves.pt\\\/#website\",\"url\":\"https:\\\/\\\/riberalves.pt\\\/\",\"name\":\"Riberalves\",\"description\":\"Les meilleures recettes de morue en un seul endroit! Notre processus de longue matuaration dans le sel garantit la saveur unique, la texture douce et les tranches succulentes de notre poisson pr\u00e9f\u00e9r\u00e9, pr\u00eat \u00e0 cuisiner!\",\"alternateName\":\"Riberalves\",\"potentialAction\":[{\"@type\":\"SearchAction\",\"target\":{\"@type\":\"EntryPoint\",\"urlTemplate\":\"https:\\\/\\\/riberalves.pt\\\/?s={search_term_string}\"},\"query-input\":{\"@type\":\"PropertyValueSpecification\",\"valueRequired\":true,\"valueName\":\"search_term_string\"}}],\"inLanguage\":\"fr-FR\"}]}<\/script>\n<!-- \/ Yoast SEO plugin. -->","yoast_head_json":{"title":"Morue \u00e0 la mode du comte de Guarda - Riberalves","robots":{"index":"index","follow":"follow","max-snippet":"max-snippet:-1","max-image-preview":"max-image-preview:large","max-video-preview":"max-video-preview:-1"},"canonical":"https:\/\/riberalves.pt\/recettes\/bacalhau-a-conde-da-guarda\/","og_locale":"fr_FR","og_type":"article","og_title":"Morue \u00e0 la mode du comte de Guarda - Riberalves","og_description":"Avez-vous d\u00e9j\u00e0 essay\u00e9 la recette de la Morue \u00e0 la mode du comte de Guarda&nbsp;? D\u00e9couvrez la recette et suivez les \u00e9tapes. Cuisez les pommes de terre et \u00e9crasez-les avec une fourchette, r\u00e9servez. Cuisez la morue \u00e0 l\u2019eau bouillante pendant 2 min. Dans une sauteuse, faites revenir l\u2019oignon et l\u2019ail dans l\u2019huile d\u2019olive pendant 5 [&hellip;]","og_url":"https:\/\/riberalves.pt\/recettes\/bacalhau-a-conde-da-guarda\/","og_site_name":"Riberalves","article_modified_time":"2023-11-10T17:31:02+00:00","og_image":[{"width":1707,"height":2560,"url":"https:\/\/riberalves.pt\/wp-content\/uploads\/2022\/05\/DSC06833-scaled.jpg","type":"image\/jpeg"}],"twitter_card":"summary_large_image","twitter_misc":{"Dur\u00e9e de lecture estim\u00e9e":"1 minute"},"schema":{"@context":"https:\/\/schema.org","@graph":[{"@type":"WebPage","@id":"https:\/\/riberalves.pt\/recettes\/bacalhau-a-conde-da-guarda\/","url":"https:\/\/riberalves.pt\/recettes\/bacalhau-a-conde-da-guarda\/","name":"Morue \u00e0 la mode du comte de Guarda - Riberalves","isPartOf":{"@id":"https:\/\/riberalves.pt\/#website"},"primaryImageOfPage":{"@id":"https:\/\/riberalves.pt\/recettes\/bacalhau-a-conde-da-guarda\/#primaryimage"},"image":{"@id":"https:\/\/riberalves.pt\/recettes\/bacalhau-a-conde-da-guarda\/#primaryimage"},"thumbnailUrl":"https:\/\/riberalves.pt\/wp-content\/uploads\/2022\/05\/DSC06833-scaled.jpg","datePublished":"2023-10-17T14:07:53+00:00","dateModified":"2023-11-10T17:31:02+00:00","breadcrumb":{"@id":"https:\/\/riberalves.pt\/recettes\/bacalhau-a-conde-da-guarda\/#breadcrumb"},"inLanguage":"fr-FR","potentialAction":[{"@type":"ReadAction","target":["https:\/\/riberalves.pt\/recettes\/bacalhau-a-conde-da-guarda\/"]}]},{"@type":"ImageObject","inLanguage":"fr-FR","@id":"https:\/\/riberalves.pt\/recettes\/bacalhau-a-conde-da-guarda\/#primaryimage","url":"https:\/\/riberalves.pt\/wp-content\/uploads\/2022\/05\/DSC06833-scaled.jpg","contentUrl":"https:\/\/riberalves.pt\/wp-content\/uploads\/2022\/05\/DSC06833-scaled.jpg","width":1707,"height":2560,"caption":"Bacalhau \u00e0 Conde da Guarda - Veja a receita completa!"},{"@type":"BreadcrumbList","@id":"https:\/\/riberalves.pt\/recettes\/bacalhau-a-conde-da-guarda\/#breadcrumb","itemListElement":[{"@type":"ListItem","position":1,"name":"Home","item":"https:\/\/riberalves.pt\/"},{"@type":"ListItem","position":2,"name":"Receitas","item":"https:\/\/riberalves.pt\/receitas\/"},{"@type":"ListItem","position":3,"name":"Morue \u00e0 la mode du comte de Guarda"}]},{"@type":"WebSite","@id":"https:\/\/riberalves.pt\/#website","url":"https:\/\/riberalves.pt\/","name":"Riberalves","description":"Les meilleures recettes de morue en un seul endroit! Notre processus de longue matuaration dans le sel garantit la saveur unique, la texture douce et les tranches succulentes de notre poisson pr\u00e9f\u00e9r\u00e9, pr\u00eat \u00e0 cuisiner!","alternateName":"Riberalves","potentialAction":[{"@type":"SearchAction","target":{"@type":"EntryPoint","urlTemplate":"https:\/\/riberalves.pt\/?s={search_term_string}"},"query-input":{"@type":"PropertyValueSpecification","valueRequired":true,"valueName":"search_term_string"}}],"inLanguage":"fr-FR"}]}},"_links":{"self":[{"href":"https:\/\/riberalves.pt\/fr\/wp-json\/wp\/v2\/receitas\/11464","targetHints":{"allow":["GET"]}}],"collection":[{"href":"https:\/\/riberalves.pt\/fr\/wp-json\/wp\/v2\/receitas"}],"about":[{"href":"https:\/\/riberalves.pt\/fr\/wp-json\/wp\/v2\/types\/receitas"}],"wp:featuredmedia":[{"embeddable":true,"href":"https:\/\/riberalves.pt\/fr\/wp-json\/wp\/v2\/media\/8975"}],"wp:attachment":[{"href":"https:\/\/riberalves.pt\/fr\/wp-json\/wp\/v2\/media?parent=11464"}],"wp:term":[{"taxonomy":"category","embeddable":true,"href":"https:\/\/riberalves.pt\/fr\/wp-json\/wp\/v2\/categories?post=11464"},{"taxonomy":"colecoes","embeddable":true,"href":"https:\/\/riberalves.pt\/fr\/wp-json\/wp\/v2\/colecoes?post=11464"},{"taxonomy":"tipos-bacalhau","embeddable":true,"href":"https:\/\/riberalves.pt\/fr\/wp-json\/wp\/v2\/tipos-bacalhau?post=11464"}],"curies":[{"name":"wp","href":"https:\/\/api.w.org\/{rel}","templated":true}]}}