{"id":8142,"date":"2022-01-24T11:49:11","date_gmt":"2022-01-24T11:49:11","guid":{"rendered":"https:\/\/riberalves.pt\/?post_type=receitas&#038;p=8142"},"modified":"2024-03-08T15:20:51","modified_gmt":"2024-03-08T15:20:51","slug":"feuillete-de-morue-et-de-legumes","status":"publish","type":"receitas","link":"https:\/\/riberalves.pt\/fr\/recettes\/feuillete-de-morue-et-de-legumes\/","title":{"rendered":"Feuillet\u00e9 de morue et de l\u00e9gumes"},"content":{"rendered":"\n<p>Que diriez-vous d&rsquo;un feuillet\u00e9 de<a href=\"https:\/\/riberalves.pt\/fr\/la-morue\/\" target=\"_blank\" rel=\"noreferrer noopener\"> moru<\/a>e et de l\u00e9gumes pour le go\u00fbter ? Consultez la recette compl\u00e8te et Bon App\u00e9tit !<\/p>\n\n\n\n<p>Coupez le poireau en fines tranches et faites-le revenir dans l&rsquo;huile d&rsquo;olive avec du sel et du poivre. Ajoutez la carotte r\u00e2p\u00e9e et faites cuire pendant environ 10 minutes.<\/p>\n\n\n\n<p>Pendant ce temps, \u00e9talez la p\u00e2te et divisez-la en 4 rectangles. \u00c9miettez la morue et r\u00e9partissez-la au centre des rectangles de p\u00e2te feuillet\u00e9e, puis les l\u00e9gumes, et enfin le fromage r\u00e2p\u00e9. Pliez la p\u00e2te par-dessus la farce et scellez bien. Placez la p\u00e2te feuillet\u00e9e sur un plateau de cuisson et badigeonnez-les avec le jaune d&rsquo;\u0153uf battu.<\/p>\n\n\n\n<p>Faites des Feuillet\u00e9 de morue et de l\u00e9gumes cuire dans un four pr\u00e9chauff\u00e9 \u00e0 220 \u00baC jusqu&rsquo;\u00e0 ce que les feuillet\u00e9s soient dor\u00e9s et bien gonfl\u00e9s.<\/p>\n\n\n\n<h2 class=\"wp-block-heading\"><strong><a href=\"https:\/\/riberalveslojaonline.pt\/\" target=\"_blank\" rel=\"noreferrer noopener\">PR\u00caTE \u00c0 \u00caTRE SAVOUR\u00c9E!<\/a><\/strong><\/h2>\n","protected":false},"featured_media":4609,"template":"","categories":[39,252,57,53],"colecoes":[320,347,338],"tipos-bacalhau":[239],"class_list":["post-8142","receitas","type-receitas","status-publish","has-post-thumbnail","hentry","category-entrees-et-aperitifs","category-originais-fr","category-printemps-ete","category-traditionelles","colecoes-entrees-et-collations","colecoes-plats-traditionnels","colecoes-printemps-ete","tipos-bacalhau-paves-de-morue"],"acf":[],"yoast_head":"<!-- This site is optimized with the Yoast SEO plugin v27.5 - https:\/\/yoast.com\/product\/yoast-seo-wordpress\/ -->\n<title>Feuillet\u00e9 de morue et de l\u00e9gumes - Riberalves<\/title>\n<meta name=\"description\" content=\"Que diriez-vous d&#039;un feuillet\u00e9 de morue et de l\u00e9gumes \u00e9labor\u00e9 avec la meilleure source de prot\u00e9ines, la morue. Consultez la recette compl\u00e8te!\" \/>\n<meta name=\"robots\" content=\"index, follow, max-snippet:-1, max-image-preview:large, max-video-preview:-1\" \/>\n<link rel=\"canonical\" href=\"https:\/\/riberalves.pt\/fr\/recettes\/feuillete-de-morue-et-de-legumes\/\" \/>\n<meta property=\"og:locale\" content=\"fr_FR\" \/>\n<meta property=\"og:type\" content=\"article\" \/>\n<meta property=\"og:title\" content=\"Feuillet\u00e9 de morue et de l\u00e9gumes - Riberalves\" \/>\n<meta property=\"og:description\" content=\"Que diriez-vous d&#039;un feuillet\u00e9 de morue et de l\u00e9gumes \u00e9labor\u00e9 avec la meilleure source de prot\u00e9ines, la morue. Consultez la recette compl\u00e8te!\" \/>\n<meta property=\"og:url\" content=\"https:\/\/riberalves.pt\/fr\/recettes\/feuillete-de-morue-et-de-legumes\/\" \/>\n<meta property=\"og:site_name\" content=\"Riberalves\" \/>\n<meta property=\"article:modified_time\" content=\"2024-03-08T15:20:51+00:00\" \/>\n<meta property=\"og:image\" content=\"https:\/\/riberalves.pt\/wp-content\/uploads\/2021\/05\/FolhadoBac_1200x1460.jpg\" \/>\n\t<meta property=\"og:image:width\" content=\"1200\" \/>\n\t<meta property=\"og:image:height\" content=\"1460\" \/>\n\t<meta property=\"og:image:type\" content=\"image\/jpeg\" \/>\n<meta name=\"twitter:card\" content=\"summary_large_image\" \/>\n<meta name=\"twitter:label1\" content=\"Dur\u00e9e de lecture estim\u00e9e\" \/>\n\t<meta name=\"twitter:data1\" content=\"1 minute\" \/>\n<script type=\"application\/ld+json\" class=\"yoast-schema-graph\">{\"@context\":\"https:\\\/\\\/schema.org\",\"@graph\":[{\"@type\":\"WebPage\",\"@id\":\"https:\\\/\\\/riberalves.pt\\\/fr\\\/recettes\\\/feuillete-de-morue-et-de-legumes\\\/\",\"url\":\"https:\\\/\\\/riberalves.pt\\\/fr\\\/recettes\\\/feuillete-de-morue-et-de-legumes\\\/\",\"name\":\"Feuillet\u00e9 de morue et de l\u00e9gumes - Riberalves\",\"isPartOf\":{\"@id\":\"https:\\\/\\\/riberalves.pt\\\/#website\"},\"primaryImageOfPage\":{\"@id\":\"https:\\\/\\\/riberalves.pt\\\/fr\\\/recettes\\\/feuillete-de-morue-et-de-legumes\\\/#primaryimage\"},\"image\":{\"@id\":\"https:\\\/\\\/riberalves.pt\\\/fr\\\/recettes\\\/feuillete-de-morue-et-de-legumes\\\/#primaryimage\"},\"thumbnailUrl\":\"https:\\\/\\\/riberalves.pt\\\/wp-content\\\/uploads\\\/2021\\\/05\\\/FolhadoBac_1200x1460.jpg\",\"datePublished\":\"2022-01-24T11:49:11+00:00\",\"dateModified\":\"2024-03-08T15:20:51+00:00\",\"description\":\"Que diriez-vous d'un feuillet\u00e9 de morue et de l\u00e9gumes \u00e9labor\u00e9 avec la meilleure source de prot\u00e9ines, la morue. Consultez la recette compl\u00e8te!\",\"breadcrumb\":{\"@id\":\"https:\\\/\\\/riberalves.pt\\\/fr\\\/recettes\\\/feuillete-de-morue-et-de-legumes\\\/#breadcrumb\"},\"inLanguage\":\"fr-FR\",\"potentialAction\":[{\"@type\":\"ReadAction\",\"target\":[\"https:\\\/\\\/riberalves.pt\\\/fr\\\/recettes\\\/feuillete-de-morue-et-de-legumes\\\/\"]}]},{\"@type\":\"ImageObject\",\"inLanguage\":\"fr-FR\",\"@id\":\"https:\\\/\\\/riberalves.pt\\\/fr\\\/recettes\\\/feuillete-de-morue-et-de-legumes\\\/#primaryimage\",\"url\":\"https:\\\/\\\/riberalves.pt\\\/wp-content\\\/uploads\\\/2021\\\/05\\\/FolhadoBac_1200x1460.jpg\",\"contentUrl\":\"https:\\\/\\\/riberalves.pt\\\/wp-content\\\/uploads\\\/2021\\\/05\\\/FolhadoBac_1200x1460.jpg\",\"width\":1200,\"height\":1460,\"caption\":\"Que tal um Folhado de Bacalhau e legumes para o lanche? Veja a receita completa e Bom Apetite!\"},{\"@type\":\"BreadcrumbList\",\"@id\":\"https:\\\/\\\/riberalves.pt\\\/fr\\\/recettes\\\/feuillete-de-morue-et-de-legumes\\\/#breadcrumb\",\"itemListElement\":[{\"@type\":\"ListItem\",\"position\":1,\"name\":\"Home\",\"item\":\"https:\\\/\\\/riberalves.pt\\\/\"},{\"@type\":\"ListItem\",\"position\":2,\"name\":\"Receitas\",\"item\":\"https:\\\/\\\/riberalves.pt\\\/receitas\\\/\"},{\"@type\":\"ListItem\",\"position\":3,\"name\":\"Feuillet\u00e9 de morue et de l\u00e9gumes\"}]},{\"@type\":\"WebSite\",\"@id\":\"https:\\\/\\\/riberalves.pt\\\/#website\",\"url\":\"https:\\\/\\\/riberalves.pt\\\/\",\"name\":\"Riberalves\",\"description\":\"Les meilleures recettes de morue en un seul endroit! Notre processus de longue matuaration dans le sel garantit la saveur unique, la texture douce et les tranches succulentes de notre poisson pr\u00e9f\u00e9r\u00e9, pr\u00eat \u00e0 cuisiner!\",\"alternateName\":\"Riberalves\",\"potentialAction\":[{\"@type\":\"SearchAction\",\"target\":{\"@type\":\"EntryPoint\",\"urlTemplate\":\"https:\\\/\\\/riberalves.pt\\\/?s={search_term_string}\"},\"query-input\":{\"@type\":\"PropertyValueSpecification\",\"valueRequired\":true,\"valueName\":\"search_term_string\"}}],\"inLanguage\":\"fr-FR\"}]}<\/script>\n<!-- \/ Yoast SEO plugin. -->","yoast_head_json":{"title":"Feuillet\u00e9 de morue et de l\u00e9gumes - Riberalves","description":"Que diriez-vous d'un feuillet\u00e9 de morue et de l\u00e9gumes \u00e9labor\u00e9 avec la meilleure source de prot\u00e9ines, la morue. Consultez la recette compl\u00e8te!","robots":{"index":"index","follow":"follow","max-snippet":"max-snippet:-1","max-image-preview":"max-image-preview:large","max-video-preview":"max-video-preview:-1"},"canonical":"https:\/\/riberalves.pt\/fr\/recettes\/feuillete-de-morue-et-de-legumes\/","og_locale":"fr_FR","og_type":"article","og_title":"Feuillet\u00e9 de morue et de l\u00e9gumes - Riberalves","og_description":"Que diriez-vous d'un feuillet\u00e9 de morue et de l\u00e9gumes \u00e9labor\u00e9 avec la meilleure source de prot\u00e9ines, la morue. Consultez la recette compl\u00e8te!","og_url":"https:\/\/riberalves.pt\/fr\/recettes\/feuillete-de-morue-et-de-legumes\/","og_site_name":"Riberalves","article_modified_time":"2024-03-08T15:20:51+00:00","og_image":[{"width":1200,"height":1460,"url":"https:\/\/riberalves.pt\/wp-content\/uploads\/2021\/05\/FolhadoBac_1200x1460.jpg","type":"image\/jpeg"}],"twitter_card":"summary_large_image","twitter_misc":{"Dur\u00e9e de lecture estim\u00e9e":"1 minute"},"schema":{"@context":"https:\/\/schema.org","@graph":[{"@type":"WebPage","@id":"https:\/\/riberalves.pt\/fr\/recettes\/feuillete-de-morue-et-de-legumes\/","url":"https:\/\/riberalves.pt\/fr\/recettes\/feuillete-de-morue-et-de-legumes\/","name":"Feuillet\u00e9 de morue et de l\u00e9gumes - Riberalves","isPartOf":{"@id":"https:\/\/riberalves.pt\/#website"},"primaryImageOfPage":{"@id":"https:\/\/riberalves.pt\/fr\/recettes\/feuillete-de-morue-et-de-legumes\/#primaryimage"},"image":{"@id":"https:\/\/riberalves.pt\/fr\/recettes\/feuillete-de-morue-et-de-legumes\/#primaryimage"},"thumbnailUrl":"https:\/\/riberalves.pt\/wp-content\/uploads\/2021\/05\/FolhadoBac_1200x1460.jpg","datePublished":"2022-01-24T11:49:11+00:00","dateModified":"2024-03-08T15:20:51+00:00","description":"Que diriez-vous d'un feuillet\u00e9 de morue et de l\u00e9gumes \u00e9labor\u00e9 avec la meilleure source de prot\u00e9ines, la morue. Consultez la recette compl\u00e8te!","breadcrumb":{"@id":"https:\/\/riberalves.pt\/fr\/recettes\/feuillete-de-morue-et-de-legumes\/#breadcrumb"},"inLanguage":"fr-FR","potentialAction":[{"@type":"ReadAction","target":["https:\/\/riberalves.pt\/fr\/recettes\/feuillete-de-morue-et-de-legumes\/"]}]},{"@type":"ImageObject","inLanguage":"fr-FR","@id":"https:\/\/riberalves.pt\/fr\/recettes\/feuillete-de-morue-et-de-legumes\/#primaryimage","url":"https:\/\/riberalves.pt\/wp-content\/uploads\/2021\/05\/FolhadoBac_1200x1460.jpg","contentUrl":"https:\/\/riberalves.pt\/wp-content\/uploads\/2021\/05\/FolhadoBac_1200x1460.jpg","width":1200,"height":1460,"caption":"Que tal um Folhado de Bacalhau e legumes para o lanche? Veja a receita completa e Bom Apetite!"},{"@type":"BreadcrumbList","@id":"https:\/\/riberalves.pt\/fr\/recettes\/feuillete-de-morue-et-de-legumes\/#breadcrumb","itemListElement":[{"@type":"ListItem","position":1,"name":"Home","item":"https:\/\/riberalves.pt\/"},{"@type":"ListItem","position":2,"name":"Receitas","item":"https:\/\/riberalves.pt\/receitas\/"},{"@type":"ListItem","position":3,"name":"Feuillet\u00e9 de morue et de l\u00e9gumes"}]},{"@type":"WebSite","@id":"https:\/\/riberalves.pt\/#website","url":"https:\/\/riberalves.pt\/","name":"Riberalves","description":"Les meilleures recettes de morue en un seul endroit! Notre processus de longue matuaration dans le sel garantit la saveur unique, la texture douce et les tranches succulentes de notre poisson pr\u00e9f\u00e9r\u00e9, pr\u00eat \u00e0 cuisiner!","alternateName":"Riberalves","potentialAction":[{"@type":"SearchAction","target":{"@type":"EntryPoint","urlTemplate":"https:\/\/riberalves.pt\/?s={search_term_string}"},"query-input":{"@type":"PropertyValueSpecification","valueRequired":true,"valueName":"search_term_string"}}],"inLanguage":"fr-FR"}]}},"_links":{"self":[{"href":"https:\/\/riberalves.pt\/fr\/wp-json\/wp\/v2\/receitas\/8142","targetHints":{"allow":["GET"]}}],"collection":[{"href":"https:\/\/riberalves.pt\/fr\/wp-json\/wp\/v2\/receitas"}],"about":[{"href":"https:\/\/riberalves.pt\/fr\/wp-json\/wp\/v2\/types\/receitas"}],"wp:featuredmedia":[{"embeddable":true,"href":"https:\/\/riberalves.pt\/fr\/wp-json\/wp\/v2\/media\/4609"}],"wp:attachment":[{"href":"https:\/\/riberalves.pt\/fr\/wp-json\/wp\/v2\/media?parent=8142"}],"wp:term":[{"taxonomy":"category","embeddable":true,"href":"https:\/\/riberalves.pt\/fr\/wp-json\/wp\/v2\/categories?post=8142"},{"taxonomy":"colecoes","embeddable":true,"href":"https:\/\/riberalves.pt\/fr\/wp-json\/wp\/v2\/colecoes?post=8142"},{"taxonomy":"tipos-bacalhau","embeddable":true,"href":"https:\/\/riberalves.pt\/fr\/wp-json\/wp\/v2\/tipos-bacalhau?post=8142"}],"curies":[{"name":"wp","href":"https:\/\/api.w.org\/{rel}","templated":true}]}}